{"id":1103,"date":"2025-09-09T10:07:12","date_gmt":"2025-09-09T08:07:12","guid":{"rendered":"https:\/\/www.goded.com\/tall-laser-fibra\/"},"modified":"2025-11-05T09:22:29","modified_gmt":"2025-11-05T08:22:29","slug":"tall-laser-fibra","status":"publish","type":"page","link":"https:\/\/www.goded.com\/ca\/tall-laser-fibra\/","title":{"rendered":"Tall l\u00e0ser \/ fibra"},"content":{"rendered":"<p>[et_pb_section fb_built=&#8221;1&#8243; _builder_version=&#8221;4.27.4&#8243; _module_preset=&#8221;default&#8221; global_colors_info=&#8221;{}&#8221;][et_pb_row column_structure=&#8221;1_2,1_2&#8243; _builder_version=&#8221;4.27.4&#8243; _module_preset=&#8221;default&#8221; global_colors_info=&#8221;{}&#8221;][et_pb_column type=&#8221;1_2&#8243; _builder_version=&#8221;4.27.4&#8243; _module_preset=&#8221;default&#8221; global_colors_info=&#8221;{}&#8221;][et_pb_heading title=&#8221;Servei de tall l\u00e0ser de metalls&#8221; _builder_version=&#8221;4.27.4&#8243; _module_preset=&#8221;default&#8221; title_level=&#8221;h2&#8243; title_font=&#8221;|||on|||||&#8221; title_text_color=&#8221;#aaaaaa&#8221; title_font_size=&#8221;15px&#8221; title_letter_spacing=&#8221;2px&#8221; title_line_height=&#8221;1.3em&#8221; custom_margin=&#8221;||5px||false|false&#8221; custom_padding=&#8221;5px||0px|10px|false|false&#8221; title_font_size_tablet=&#8221;15px&#8221; title_font_size_phone=&#8221;14px&#8221; title_font_size_last_edited=&#8221;on|phone&#8221; border_width_left=&#8221;2px&#8221; border_color_left=&#8221;gcid-primary-color&#8221; global_colors_info=&#8221;{%22gcid-primary-color%22:%91%22border_color_left%22%93}&#8221;][\/et_pb_heading][et_pb_heading title=&#8221;Tall l\u00e0ser de metalls a Barcelona i tot Espanya&#8221; _builder_version=&#8221;4.27.4&#8243; _module_preset=&#8221;default&#8221; title_font_size=&#8221;33px&#8221; title_line_height=&#8221;1.2em&#8221; custom_margin=&#8221;||25px|||&#8221; title_font_size_tablet=&#8221;30px&#8221; title_font_size_phone=&#8221;27px&#8221; title_font_size_last_edited=&#8221;on|desktop&#8221; global_colors_info=&#8221;{}&#8221;][\/et_pb_heading][et_pb_text _builder_version=&#8221;4.27.4&#8243; _module_preset=&#8221;default&#8221; global_colors_info=&#8221;{}&#8221;]<\/p>\n<p>A Grupo Goded som especialistes en tall l\u00e0ser aplicat a una \u00e0mplia gamma de metalls: acer al carboni, inoxidable, alumini, galvanitzat, llaut\u00f3 i coure. Amb m\u00e9s de 66.000 m\u00b2 d&#8217;instal\u00b7lacions a Barcelona i capacitat de servei a tot Espanya, oferim talls precisos, r\u00e0pids i d&#8217;alta qualitat per a projectes de qualsevol mida. <\/p>\n<p>Gr\u00e0cies a les nostres 11 m\u00e0quines de tall l\u00e0ser de fibra de darrera generaci\u00f3, connectades a un magatzem automatitzat amb m\u00e9s de 2.000 tones d&#8217;estoc, garantim terminis \u00e0gils i resultats consistents, tant en petites s\u00e8ries com en grans produccions.<\/p>\n<p>[\/et_pb_text][et_pb_toggle title=&#8221;Bancada de tall fins a 8000 mm X 2500 mm&#8221; open_toggle_text_color=&#8221;#E02B20&#8243; open_toggle_background_color=&#8221;#f4f4f4&#8243; closed_toggle_text_color=&#8221;#474747&#8243; icon_color=&#8221;#E02B20&#8243; toggle_icon=&#8221;&#xf103;||fa||900&#8243; use_icon_font_size=&#8221;on&#8221; icon_font_size=&#8221;20px&#8221; open_icon_color=&#8221;#E02B20&#8243; open_toggle_icon=&#8221;&#xf102;||fa||900&#8243; open_use_icon_font_size=&#8221;on&#8221; open_icon_font_size=&#8221;18px&#8221; _builder_version=&#8221;4.27.4&#8243; _module_preset=&#8221;default&#8221; custom_margin=&#8221;||10px|||&#8221; hover_enabled=&#8221;0&#8243; border_radii=&#8221;on|5px|5px|5px|5px&#8221; border_width_all=&#8221;0px&#8221; global_colors_info=&#8221;{}&#8221; sticky_enabled=&#8221;0&#8243;]<\/p>\n<p><strong>Pot\u00e8ncia fins a:<\/strong> 24.000 W<\/p>\n<p>[\/et_pb_toggle][et_pb_toggle title=&#8221;Gruixos de tall&#8221; open_toggle_text_color=&#8221;#E02B20&#8243; open_toggle_background_color=&#8221;#f4f4f4&#8243; closed_toggle_text_color=&#8221;#474747&#8243; icon_color=&#8221;#E02B20&#8243; toggle_icon=&#8221;&#xf103;||fa||900&#8243; use_icon_font_size=&#8221;on&#8221; icon_font_size=&#8221;20px&#8221; open_icon_color=&#8221;#E02B20&#8243; open_toggle_icon=&#8221;&#xf102;||fa||900&#8243; open_use_icon_font_size=&#8221;on&#8221; open_icon_font_size=&#8221;18px&#8221; _builder_version=&#8221;4.27.4&#8243; _module_preset=&#8221;default&#8221; hover_enabled=&#8221;0&#8243; border_radii=&#8221;on|5px|5px|5px|5px&#8221; border_width_all=&#8221;0px&#8221; global_colors_info=&#8221;{}&#8221; sticky_enabled=&#8221;0&#8243;]<\/p>\n<p><strong>Ferro:<\/strong> 30 mm.<br \/><strong>Inox:<\/strong> 30 mm.<br \/><strong>Alumini:<\/strong> 12 mm.<br \/>\u00d2ptims processos en <strong>llaut\u00f3 i coure.<\/strong><\/p>\n<p>[\/et_pb_toggle][\/et_pb_column][et_pb_column type=&#8221;1_2&#8243; _builder_version=&#8221;4.27.4&#8243; _module_preset=&#8221;default&#8221; global_colors_info=&#8221;{}&#8221;][et_pb_gallery gallery_ids=&#8221;1099,1100,1101,1102&#8243; fullwidth=&#8221;on&#8221; _builder_version=&#8221;4.27.4&#8243; _module_preset=&#8221;default&#8221; background_layout=&#8221;dark&#8221; auto=&#8221;on&#8221; border_radii=&#8221;on|10px|10px|10px|10px&#8221; global_colors_info=&#8221;{}&#8221;][\/et_pb_gallery][et_pb_image src=&#8221;https:\/\/www.goded.com\/wp-content\/uploads\/2025\/09\/ISO-oxicorte.jpg&#8221; align=&#8221;right&#8221; _builder_version=&#8221;4.27.4&#8243; _module_preset=&#8221;default&#8221; positioning=&#8221;absolute&#8221; position_origin_a=&#8221;top_right&#8221; vertical_offset=&#8221;10px&#8221; horizontal_offset=&#8221;10px&#8221; z_index=&#8221;1&#8243; width=&#8221;100%&#8221; width_tablet=&#8221;100%&#8221; width_phone=&#8221;15%&#8221; width_last_edited=&#8221;on|phone&#8221; border_radii=&#8221;on|10px|10px|10px|10px&#8221; global_colors_info=&#8221;{}&#8221;][\/et_pb_image][et_pb_button button_url=&#8221;mailto:laser@goded.es&#8221; button_text=&#8221;Sol\u00b7licitar pressupost&#8221; button_alignment=&#8221;left&#8221; button_alignment_tablet=&#8221;left&#8221; button_alignment_phone=&#8221;left&#8221; button_alignment_last_edited=&#8221;on|tablet&#8221; disabled_on=&#8221;off|off|off&#8221; _builder_version=&#8221;4.27.4&#8243; _module_preset=&#8221;default&#8221; custom_button=&#8221;on&#8221; button_font=&#8221;|600|||||||&#8221; button_on_hover=&#8221;off&#8221; transform_translate_linked=&#8221;off&#8221; global_colors_info=&#8221;{}&#8221; transform_styles__hover_enabled=&#8221;on|desktop&#8221; transform_scale__hover_enabled=&#8221;on|desktop&#8221; transform_translate__hover_enabled=&#8221;on|desktop&#8221; transform_rotate__hover_enabled=&#8221;on|desktop&#8221; transform_skew__hover_enabled=&#8221;on|desktop&#8221; transform_origin__hover_enabled=&#8221;on|desktop&#8221; transform_translate__hover=&#8221;5px|0px&#8221; box_shadow_color__hover_enabled=&#8221;on|hover&#8221; box_shadow_color__hover=&#8221;rgba(0,0,0,0.3)&#8221; box_shadow_horizontal__hover_enabled=&#8221;on|hover&#8221; box_shadow_horizontal__hover=&#8221;-10px&#8221; box_shadow_vertical__hover_enabled=&#8221;on|desktop&#8221; box_shadow_vertical__hover=&#8221;5px&#8221;][\/et_pb_button][\/et_pb_column][\/et_pb_row][\/et_pb_section][et_pb_section fb_built=&#8221;1&#8243; _builder_version=&#8221;4.27.4&#8243; _module_preset=&#8221;default&#8221; background_color=&#8221;#f7f7f7&#8243; global_colors_info=&#8221;{}&#8221;][et_pb_row column_structure=&#8221;1_2,1_2&#8243; module_class=&#8221;ov-fancy-hover&#8221; _builder_version=&#8221;4.27.4&#8243; _module_preset=&#8221;default&#8221; global_colors_info=&#8221;{}&#8221;][et_pb_column type=&#8221;1_2&#8243; _builder_version=&#8221;4.27.4&#8243; _module_preset=&#8221;default&#8221; global_colors_info=&#8221;{}&#8221;][et_pb_heading title=&#8221;Solucions adaptades a cada client&#8221; _builder_version=&#8221;4.27.4&#8243; _module_preset=&#8221;default&#8221; title_level=&#8221;h2&#8243; title_font=&#8221;|||on|||||&#8221; title_text_color=&#8221;#aaaaaa&#8221; title_font_size=&#8221;15px&#8221; title_letter_spacing=&#8221;2px&#8221; title_line_height=&#8221;1.3em&#8221; custom_margin=&#8221;||5px||false|false&#8221; custom_padding=&#8221;5px||0px|10px|false|false&#8221; title_font_size_tablet=&#8221;15px&#8221; title_font_size_phone=&#8221;14px&#8221; title_font_size_last_edited=&#8221;on|phone&#8221; border_width_left=&#8221;2px&#8221; border_color_left=&#8221;gcid-primary-color&#8221; global_colors_info=&#8221;{%22gcid-primary-color%22:%91%22border_color_left%22%93}&#8221;][\/et_pb_heading][et_pb_heading title=&#8221;Qu\u00e8 \u00e9s el tall l\u00e0ser de metalls i quins s\u00f3n els seus avantatges&#8221; _builder_version=&#8221;4.27.4&#8243; _module_preset=&#8221;default&#8221; title_level=&#8221;h2&#8243; title_font_size=&#8221;29px&#8221; title_line_height=&#8221;1.2em&#8221; custom_margin=&#8221;||25px|||&#8221; title_font_size_tablet=&#8221;27px&#8221; title_font_size_phone=&#8221;25px&#8221; title_font_size_last_edited=&#8221;on|phone&#8221; global_colors_info=&#8221;{}&#8221;][\/et_pb_heading][et_pb_text _builder_version=&#8221;4.27.4&#8243; _module_preset=&#8221;default&#8221; global_colors_info=&#8221;{}&#8221;]<\/p>\n<p>El tall l\u00e0ser \u00e9s una tecnologia avan\u00e7ada que fa servir un feix de llum d&#8217;alta densitat per fondre i vaporitzar el metall amb precisi\u00f3 extrema. Gr\u00e0cies a aquesta t\u00e8cnica, Grupo Goded pot transformar una \u00e0mplia gamma de metalls \u2014acer, alumini, inoxidable, coure i m\u00e9s\u2014 en peces exactes, a punt per utilitzar, sense necessitat de motlles ni processos addicionals. <\/p>\n<p>Amb m\u00e9s d&#8217;11 m\u00e0quines d&#8217;\u00faltima generaci\u00f3 i un magatzem automatitzat de 2.000 tones d&#8217;estoc, garantim resultats r\u00e0pids i consistents i ens convertim en un referent de tall l\u00e0ser a Barcelona i tot Espanya.<\/p>\n<p>[\/et_pb_text][\/et_pb_column][et_pb_column type=&#8221;1_2&#8243; _builder_version=&#8221;4.27.4&#8243; _module_preset=&#8221;default&#8221; global_colors_info=&#8221;{}&#8221;][et_pb_blurb title=&#8221;Alta precisi\u00f3 i qualitat&#8221; use_icon=&#8221;on&#8221; font_icon=&#8221;&#xe052;||divi||400&#8243; icon_placement=&#8221;left&#8221; image_icon_width=&#8221;25px&#8221; content_max_width=&#8221;1100px&#8221; _builder_version=&#8221;4.27.4&#8243; _module_preset=&#8221;default&#8221; custom_margin=&#8221;||20px||false|false&#8221; locked=&#8221;off&#8221; global_colors_info=&#8221;{}&#8221;]<\/p>\n<p>Vores netes, talls complexos i toler\u00e0ncies m\u00ednimes.<\/p>\n<p>[\/et_pb_blurb][et_pb_blurb title=&#8221;Velocitat i efici\u00e8ncia&#8221; use_icon=&#8221;on&#8221; font_icon=&#8221;&#xe052;||divi||400&#8243; icon_placement=&#8221;left&#8221; image_icon_width=&#8221;25px&#8221; content_max_width=&#8221;1100px&#8221; _builder_version=&#8221;4.27.4&#8243; _module_preset=&#8221;default&#8221; custom_margin=&#8221;||20px||false|false&#8221; locked=&#8221;off&#8221; global_colors_info=&#8221;{}&#8221;]<\/p>\n<p>Redueix temps de producci\u00f3 i costos de materials.<\/p>\n<p>[\/et_pb_blurb][et_pb_blurb title=&#8221;Flexibilidad&#8221; use_icon=&#8221;on&#8221; font_icon=&#8221;&#xe052;||divi||400&#8243; icon_placement=&#8221;left&#8221; image_icon_width=&#8221;25px&#8221; content_max_width=&#8221;1100px&#8221; _builder_version=&#8221;4.27.4&#8243; _module_preset=&#8221;default&#8221; custom_margin=&#8221;||20px||false|false&#8221; locked=&#8221;off&#8221; global_colors_info=&#8221;{}&#8221;]<\/p>\n<p>Des de prototips fins a grans s\u00e8ries, adaptant-nos a qualsevol necessitat.<\/p>\n<p>[\/et_pb_blurb][et_pb_blurb title=&#8221;Versatilitat de materials&#8221; use_icon=&#8221;on&#8221; font_icon=&#8221;&#xe052;||divi||400&#8243; icon_placement=&#8221;left&#8221; image_icon_width=&#8221;25px&#8221; content_max_width=&#8221;1100px&#8221; _builder_version=&#8221;4.27.4&#8243; _module_preset=&#8221;default&#8221; custom_margin=&#8221;||20px||false|false&#8221; locked=&#8221;off&#8221; global_colors_info=&#8221;{}&#8221;]<\/p>\n<p>Perfecte per a acer, inox, alumini, galvanitzat, coure i llaut\u00f3.<\/p>\n<p>[\/et_pb_blurb][et_pb_blurb title=&#8221;Menor manipulaci\u00f3 posterior&#8221; use_icon=&#8221;on&#8221; font_icon=&#8221;&#xe052;||divi||400&#8243; icon_placement=&#8221;left&#8221; image_icon_width=&#8221;25px&#8221; content_max_width=&#8221;1100px&#8221; _builder_version=&#8221;4.27.4&#8243; _module_preset=&#8221;default&#8221; custom_margin=&#8221;||20px||false|false&#8221; locked=&#8221;off&#8221; global_colors_info=&#8221;{}&#8221;]<\/p>\n<p>Minimitza l&#8217;acabat manual i evita deformacions.<\/p>\n<p>[\/et_pb_blurb][\/et_pb_column][\/et_pb_row][\/et_pb_section][et_pb_section fb_built=&#8221;1&#8243; _builder_version=&#8221;4.27.4&#8243; _module_preset=&#8221;default&#8221; global_colors_info=&#8221;{}&#8221;][et_pb_row column_structure=&#8221;1_2,1_2&#8243; _builder_version=&#8221;4.27.4&#8243; _module_preset=&#8221;default&#8221; custom_css_main_element=&#8221;align-items:center;&#8221; global_colors_info=&#8221;{}&#8221;][et_pb_column type=&#8221;1_2&#8243; _builder_version=&#8221;4.27.4&#8243; _module_preset=&#8221;default&#8221; global_colors_info=&#8221;{}&#8221;][et_pb_video src=&#8221;https:\/\/youtu.be\/QGH_vzJmwpU?si=EYtNm-1tyi59swk4&#8243; image_src=&#8221;\/\/i.ytimg.com\/vi\/QGH_vzJmwpU\/hqdefault.jpg&#8221; _builder_version=&#8221;4.27.4&#8243; _module_preset=&#8221;default&#8221; border_radii=&#8221;on|10px|10px|10px|10px&#8221; global_colors_info=&#8221;{}&#8221;][\/et_pb_video][\/et_pb_column][et_pb_column type=&#8221;1_2&#8243; _builder_version=&#8221;4.27.4&#8243; _module_preset=&#8221;default&#8221; global_colors_info=&#8221;{}&#8221;][et_pb_heading title=&#8221;GRUPO GODED&#8221; _builder_version=&#8221;4.27.4&#8243; _module_preset=&#8221;default&#8221; title_level=&#8221;h2&#8243; title_font=&#8221;|||on|||||&#8221; title_text_color=&#8221;#aaaaaa&#8221; title_font_size=&#8221;15px&#8221; title_letter_spacing=&#8221;2px&#8221; title_line_height=&#8221;1.3em&#8221; custom_margin=&#8221;||5px||false|false&#8221; custom_padding=&#8221;5px||0px|10px|false|false&#8221; title_font_size_tablet=&#8221;15px&#8221; title_font_size_phone=&#8221;14px&#8221; title_font_size_last_edited=&#8221;on|phone&#8221; border_width_left=&#8221;2px&#8221; border_color_left=&#8221;gcid-primary-color&#8221; global_colors_info=&#8221;{%22gcid-primary-color%22:%91%22border_color_left%22,%22border_color_left%22%93}&#8221;][\/et_pb_heading][et_pb_heading title=&#8221;La nostra maquin\u00e0ria de tall l\u00e0ser en acci\u00f3&#8221; _builder_version=&#8221;4.27.4&#8243; _module_preset=&#8221;default&#8221; title_level=&#8221;h2&#8243; title_font_size=&#8221;29px&#8221; title_line_height=&#8221;1.2em&#8221; custom_margin=&#8221;||25px|||&#8221; title_font_size_tablet=&#8221;27px&#8221; title_font_size_phone=&#8221;25px&#8221; title_font_size_last_edited=&#8221;on|phone&#8221; global_colors_info=&#8221;{}&#8221;][\/et_pb_heading][et_pb_text _builder_version=&#8221;4.27.4&#8243; _module_preset=&#8221;default&#8221; global_colors_info=&#8221;{}&#8221;]El tall per l\u00e0ser de metalls combina velocitat, precisi\u00f3 i versatilitat. Descobreix com la nostra tecnologia d&#8217;\u00faltima generaci\u00f3 transforma el metall en peces llestes per fer servir amb acabats extraordinaris. <\/p>\n<p>A m\u00e9s de la seva rapidesa i precisi\u00f3, el tall l\u00e0ser de fibra redueix costos en minimitzar processos posteriors i eliminar la necessitat de motlles o eines addicionals. Aquesta efici\u00e8ncia converteix Grupo Goded en una refer\u00e8ncia en tall l\u00e0ser a Barcelona ia tot Espanya, oferint als nostres clients peces llestes per al seu \u00fas immediat en qualsevol sector industrial.[\/et_pb_text][\/et_pb_column][\/et_pb_row][\/et_pb_section][et_pb_section fb_built=&#8221;1&#8243; _builder_version=&#8221;4.27.4&#8243; _module_preset=&#8221;default&#8221; background_color=&#8221;#e5e5e5&#8243; global_colors_info=&#8221;{}&#8221;][et_pb_row column_structure=&#8221;3_4,1_4&#8243; make_equal=&#8221;on&#8221; _builder_version=&#8221;4.27.4&#8243; _module_preset=&#8221;default&#8221; custom_css_main_element=&#8221;align-items:center;&#8221; global_colors_info=&#8221;{}&#8221;][et_pb_column type=&#8221;3_4&#8243; _builder_version=&#8221;4.27.4&#8243; _module_preset=&#8221;default&#8221; global_colors_info=&#8221;{}&#8221;][et_pb_heading title=&#8221;Demana pressupost de tall l\u00e0ser&#8221; _builder_version=&#8221;4.27.4&#8243; _module_preset=&#8221;default&#8221; title_level=&#8221;h2&#8243; title_font_size=&#8221;29px&#8221; title_line_height=&#8221;1.2em&#8221; custom_margin=&#8221;||8px|||&#8221; title_font_size_tablet=&#8221;27px&#8221; title_font_size_phone=&#8221;24px&#8221; title_font_size_last_edited=&#8221;on|tablet&#8221; global_colors_info=&#8221;{}&#8221;][\/et_pb_heading][et_pb_text _builder_version=&#8221;4.27.4&#8243; _module_preset=&#8221;default&#8221; text_font=&#8221;|600|||||||&#8221; text_font_size=&#8221;17px&#8221; global_colors_info=&#8221;{}&#8221;]<\/p>\n<p>Si necessites peces realitzades per tall l\u00e0ser o altre tipus de <strong><a href=\"https:\/\/www.goded.com\/ca\/serveis-grupo-goded\">serveis<\/a><\/strong>, contacta amb nosaltres. T&#8217;oferim la m\u00e0xima qualitat a preus molt competents. <\/p>\n<p>[\/et_pb_text][\/et_pb_column][et_pb_column type=&#8221;1_4&#8243; _builder_version=&#8221;4.27.4&#8243; _module_preset=&#8221;default&#8221; global_colors_info=&#8221;{}&#8221;][et_pb_button button_url=&#8221;https:\/\/www.goded.com\/ca\/contacte&#8221; button_text=&#8221;Contactar&#8221; button_alignment=&#8221;right&#8221; button_alignment_tablet=&#8221;left&#8221; button_alignment_phone=&#8221;left&#8221; button_alignment_last_edited=&#8221;on|phone&#8221; _builder_version=&#8221;4.27.4&#8243; _module_preset=&#8221;default&#8221; custom_button=&#8221;on&#8221; button_font=&#8221;|600|||||||&#8221; button_on_hover=&#8221;off&#8221; transform_translate_linked=&#8221;off&#8221; global_colors_info=&#8221;{}&#8221; transform_styles__hover_enabled=&#8221;on|desktop&#8221; transform_scale__hover_enabled=&#8221;on|desktop&#8221; transform_translate__hover_enabled=&#8221;on|desktop&#8221; transform_rotate__hover_enabled=&#8221;on|desktop&#8221; transform_skew__hover_enabled=&#8221;on|desktop&#8221; transform_origin__hover_enabled=&#8221;on|desktop&#8221; transform_translate__hover=&#8221;5px|0px&#8221; box_shadow_color__hover_enabled=&#8221;on|hover&#8221; box_shadow_color__hover=&#8221;rgba(0,0,0,0.3)&#8221; box_shadow_horizontal__hover_enabled=&#8221;on|hover&#8221; box_shadow_horizontal__hover=&#8221;-10px&#8221; box_shadow_vertical__hover_enabled=&#8221;on|desktop&#8221; box_shadow_vertical__hover=&#8221;5px&#8221;][\/et_pb_button][\/et_pb_column][\/et_pb_row][\/et_pb_section]<\/p>\n","protected":false},"excerpt":{"rendered":"<p>A Grupo Goded som especialistes en tall l\u00e0ser aplicat a una \u00e0mplia gamma de metalls: acer al carboni, inoxidable, alumini, galvanitzat, llaut\u00f3 i coure. Amb m\u00e9s de 66.000 m\u00b2 d&#8217;instal\u00b7lacions a Barcelona i capacitat de servei a tot Espanya, oferim talls precisos, r\u00e0pids i d&#8217;alta qualitat per a projectes de qualsevol mida. Gr\u00e0cies a les [&hellip;]<\/p>\n","protected":false},"author":1,"featured_media":1072,"parent":0,"menu_order":0,"comment_status":"closed","ping_status":"closed","template":"","meta":{"_et_pb_use_builder":"on","_et_pb_old_content":"","_et_gb_content_width":"","footnotes":""},"class_list":["post-1103","page","type-page","status-publish","has-post-thumbnail","hentry"],"yoast_head":"<!-- This site is optimized with the Yoast SEO Premium plugin v22.4 (Yoast SEO v26.3) - https:\/\/yoast.com\/wordpress\/plugins\/seo\/ -->\n<title>Tall l\u00e0ser de metalls | Tall l\u00e0ser Barcelona i Espanya | Goded<\/title>\n<meta name=\"description\" content=\"Som especialistes en tall l\u00e0ser aplicat a una \u00e0mplia gamma de metalls: acer al carboni, inoxidable, alumini, galvanitzat, llaut\u00f3 i coure.\" \/>\n<meta name=\"robots\" content=\"index, follow, max-snippet:-1, max-image-preview:large, max-video-preview:-1\" \/>\n<link rel=\"canonical\" href=\"https:\/\/www.goded.com\/ca\/tall-laser-fibra\/\" \/>\n<meta property=\"og:locale\" content=\"ca_ES\" \/>\n<meta property=\"og:type\" content=\"article\" \/>\n<meta property=\"og:title\" content=\"Tall l\u00e0ser \/ fibra\" \/>\n<meta property=\"og:description\" content=\"Som especialistes en tall l\u00e0ser aplicat a una \u00e0mplia gamma de metalls: acer al carboni, inoxidable, alumini, galvanitzat, llaut\u00f3 i coure.\" \/>\n<meta property=\"og:url\" content=\"https:\/\/www.goded.com\/ca\/tall-laser-fibra\/\" \/>\n<meta property=\"og:site_name\" content=\"Grupo Goded\" \/>\n<meta property=\"article:modified_time\" content=\"2025-11-05T08:22:29+00:00\" \/>\n<meta property=\"og:image\" content=\"https:\/\/www.goded.com\/wp-content\/uploads\/2025\/09\/corte-laser-fibra-servicios-meta.webp\" \/>\n\t<meta property=\"og:image:width\" content=\"350\" \/>\n\t<meta property=\"og:image:height\" content=\"439\" \/>\n\t<meta property=\"og:image:type\" content=\"image\/webp\" \/>\n<meta name=\"twitter:card\" content=\"summary_large_image\" \/>\n<meta name=\"twitter:label1\" content=\"Temps estimat de lectura\" \/>\n\t<meta name=\"twitter:data1\" content=\"10 minuts\" \/>\n<script type=\"application\/ld+json\" class=\"yoast-schema-graph\">{\"@context\":\"https:\/\/schema.org\",\"@graph\":[{\"@type\":\"WebPage\",\"@id\":\"https:\/\/www.goded.com\/ca\/tall-laser-fibra\/\",\"url\":\"https:\/\/www.goded.com\/ca\/tall-laser-fibra\/\",\"name\":\"Tall l\u00e0ser de metalls | Tall l\u00e0ser Barcelona i Espanya | Goded\",\"isPartOf\":{\"@id\":\"https:\/\/www.goded.com\/ca\/#website\"},\"primaryImageOfPage\":{\"@id\":\"https:\/\/www.goded.com\/ca\/tall-laser-fibra\/#primaryimage\"},\"image\":{\"@id\":\"https:\/\/www.goded.com\/ca\/tall-laser-fibra\/#primaryimage\"},\"thumbnailUrl\":\"https:\/\/www.goded.com\/wp-content\/uploads\/2025\/09\/corte-laser-fibra-servicios-meta.webp\",\"datePublished\":\"2025-09-09T08:07:12+00:00\",\"dateModified\":\"2025-11-05T08:22:29+00:00\",\"description\":\"Som especialistes en tall l\u00e0ser aplicat a una \u00e0mplia gamma de metalls: acer al carboni, inoxidable, alumini, galvanitzat, llaut\u00f3 i coure.\",\"breadcrumb\":{\"@id\":\"https:\/\/www.goded.com\/ca\/tall-laser-fibra\/#breadcrumb\"},\"inLanguage\":\"ca\",\"potentialAction\":[{\"@type\":\"ReadAction\",\"target\":[\"https:\/\/www.goded.com\/ca\/tall-laser-fibra\/\"]}]},{\"@type\":\"ImageObject\",\"inLanguage\":\"ca\",\"@id\":\"https:\/\/www.goded.com\/ca\/tall-laser-fibra\/#primaryimage\",\"url\":\"https:\/\/www.goded.com\/wp-content\/uploads\/2025\/09\/corte-laser-fibra-servicios-meta.webp\",\"contentUrl\":\"https:\/\/www.goded.com\/wp-content\/uploads\/2025\/09\/corte-laser-fibra-servicios-meta.webp\",\"width\":350,\"height\":439,\"caption\":\"Tall l\u00e0ser \/ fibra | Servei Grup Goded\"},{\"@type\":\"BreadcrumbList\",\"@id\":\"https:\/\/www.goded.com\/ca\/tall-laser-fibra\/#breadcrumb\",\"itemListElement\":[{\"@type\":\"ListItem\",\"position\":1,\"name\":\"Portada\",\"item\":\"https:\/\/www.goded.com\/ca\/grupo-goded\/\"},{\"@type\":\"ListItem\",\"position\":2,\"name\":\"Tall l\u00e0ser \/ fibra\"}]},{\"@type\":\"WebSite\",\"@id\":\"https:\/\/www.goded.com\/ca\/#website\",\"url\":\"https:\/\/www.goded.com\/ca\/\",\"name\":\"Grupo Goded\",\"description\":\"Empresa Metal\u00fargica en Barcelona\",\"potentialAction\":[{\"@type\":\"SearchAction\",\"target\":{\"@type\":\"EntryPoint\",\"urlTemplate\":\"https:\/\/www.goded.com\/ca\/?s={search_term_string}\"},\"query-input\":{\"@type\":\"PropertyValueSpecification\",\"valueRequired\":true,\"valueName\":\"search_term_string\"}}],\"inLanguage\":\"ca\"}]}<\/script>\n<!-- \/ Yoast SEO Premium plugin. -->","yoast_head_json":{"title":"Tall l\u00e0ser de metalls | Tall l\u00e0ser Barcelona i Espanya | Goded","description":"Som especialistes en tall l\u00e0ser aplicat a una \u00e0mplia gamma de metalls: acer al carboni, inoxidable, alumini, galvanitzat, llaut\u00f3 i coure.","robots":{"index":"index","follow":"follow","max-snippet":"max-snippet:-1","max-image-preview":"max-image-preview:large","max-video-preview":"max-video-preview:-1"},"canonical":"https:\/\/www.goded.com\/ca\/tall-laser-fibra\/","og_locale":"ca_ES","og_type":"article","og_title":"Tall l\u00e0ser \/ fibra","og_description":"Som especialistes en tall l\u00e0ser aplicat a una \u00e0mplia gamma de metalls: acer al carboni, inoxidable, alumini, galvanitzat, llaut\u00f3 i coure.","og_url":"https:\/\/www.goded.com\/ca\/tall-laser-fibra\/","og_site_name":"Grupo Goded","article_modified_time":"2025-11-05T08:22:29+00:00","og_image":[{"width":350,"height":439,"url":"https:\/\/www.goded.com\/wp-content\/uploads\/2025\/09\/corte-laser-fibra-servicios-meta.webp","type":"image\/webp"}],"twitter_card":"summary_large_image","twitter_misc":{"Temps estimat de lectura":"10 minuts"},"schema":{"@context":"https:\/\/schema.org","@graph":[{"@type":"WebPage","@id":"https:\/\/www.goded.com\/ca\/tall-laser-fibra\/","url":"https:\/\/www.goded.com\/ca\/tall-laser-fibra\/","name":"Tall l\u00e0ser de metalls | Tall l\u00e0ser Barcelona i Espanya | Goded","isPartOf":{"@id":"https:\/\/www.goded.com\/ca\/#website"},"primaryImageOfPage":{"@id":"https:\/\/www.goded.com\/ca\/tall-laser-fibra\/#primaryimage"},"image":{"@id":"https:\/\/www.goded.com\/ca\/tall-laser-fibra\/#primaryimage"},"thumbnailUrl":"https:\/\/www.goded.com\/wp-content\/uploads\/2025\/09\/corte-laser-fibra-servicios-meta.webp","datePublished":"2025-09-09T08:07:12+00:00","dateModified":"2025-11-05T08:22:29+00:00","description":"Som especialistes en tall l\u00e0ser aplicat a una \u00e0mplia gamma de metalls: acer al carboni, inoxidable, alumini, galvanitzat, llaut\u00f3 i coure.","breadcrumb":{"@id":"https:\/\/www.goded.com\/ca\/tall-laser-fibra\/#breadcrumb"},"inLanguage":"ca","potentialAction":[{"@type":"ReadAction","target":["https:\/\/www.goded.com\/ca\/tall-laser-fibra\/"]}]},{"@type":"ImageObject","inLanguage":"ca","@id":"https:\/\/www.goded.com\/ca\/tall-laser-fibra\/#primaryimage","url":"https:\/\/www.goded.com\/wp-content\/uploads\/2025\/09\/corte-laser-fibra-servicios-meta.webp","contentUrl":"https:\/\/www.goded.com\/wp-content\/uploads\/2025\/09\/corte-laser-fibra-servicios-meta.webp","width":350,"height":439,"caption":"Tall l\u00e0ser \/ fibra | Servei Grup Goded"},{"@type":"BreadcrumbList","@id":"https:\/\/www.goded.com\/ca\/tall-laser-fibra\/#breadcrumb","itemListElement":[{"@type":"ListItem","position":1,"name":"Portada","item":"https:\/\/www.goded.com\/ca\/grupo-goded\/"},{"@type":"ListItem","position":2,"name":"Tall l\u00e0ser \/ fibra"}]},{"@type":"WebSite","@id":"https:\/\/www.goded.com\/ca\/#website","url":"https:\/\/www.goded.com\/ca\/","name":"Grupo Goded","description":"Empresa Metal\u00fargica en Barcelona","potentialAction":[{"@type":"SearchAction","target":{"@type":"EntryPoint","urlTemplate":"https:\/\/www.goded.com\/ca\/?s={search_term_string}"},"query-input":{"@type":"PropertyValueSpecification","valueRequired":true,"valueName":"search_term_string"}}],"inLanguage":"ca"}]}},"_links":{"self":[{"href":"https:\/\/www.goded.com\/ca\/wp-json\/wp\/v2\/pages\/1103","targetHints":{"allow":["GET"]}}],"collection":[{"href":"https:\/\/www.goded.com\/ca\/wp-json\/wp\/v2\/pages"}],"about":[{"href":"https:\/\/www.goded.com\/ca\/wp-json\/wp\/v2\/types\/page"}],"author":[{"embeddable":true,"href":"https:\/\/www.goded.com\/ca\/wp-json\/wp\/v2\/users\/1"}],"replies":[{"embeddable":true,"href":"https:\/\/www.goded.com\/ca\/wp-json\/wp\/v2\/comments?post=1103"}],"version-history":[{"count":3,"href":"https:\/\/www.goded.com\/ca\/wp-json\/wp\/v2\/pages\/1103\/revisions"}],"predecessor-version":[{"id":1106,"href":"https:\/\/www.goded.com\/ca\/wp-json\/wp\/v2\/pages\/1103\/revisions\/1106"}],"wp:featuredmedia":[{"embeddable":true,"href":"https:\/\/www.goded.com\/ca\/wp-json\/wp\/v2\/media\/1072"}],"wp:attachment":[{"href":"https:\/\/www.goded.com\/ca\/wp-json\/wp\/v2\/media?parent=1103"}],"curies":[{"name":"wp","href":"https:\/\/api.w.org\/{rel}","templated":true}]}}